{"id":10,"date":"2016-11-20T20:51:09","date_gmt":"2016-11-20T20:51:09","guid":{"rendered":"http:\/\/test.amicale-sp-nyon.ch\/?page_id=10"},"modified":"2016-11-20T20:51:09","modified_gmt":"2016-11-20T20:51:09","slug":"calendrier","status":"publish","type":"page","link":"https:\/\/www.amicale-sp-nyon.ch\/","title":{"rendered":"Calendrier"},"content":{"rendered":"<table width=\"100%\" cellpadding=\"10px\" align=\"left\">\n<tbody>\n<tr>\n<td colspan=\"2\" align=\"left\">\n<div class=\"sousTitre\"><center>Dates de l&rsquo;ann\u00e9e 2017<\/center><\/div>\n<\/td>\n<\/tr>\n<tr>\n<td valign=\"top\" width=\"100px\"><span style=\"color: #a80000;\">16\/12\/2017<\/span><\/td>\n<td>\n<p align=\"justify\">Ap\u00e9ritif de fin d&rsquo;ann\u00e9e pour les membres de l&rsquo;amicale et du SDIS.<\/p>\n<\/td>\n<\/tr>\n<tr>\n<td valign=\"top\" width=\"100px\"><span style=\"color: #a80000;\">06\/04\/2017<\/span><\/td>\n<td>\n<p align=\"justify\">Repas avec les \u00e9quipes concours.<\/p>\n<\/td>\n<\/tr>\n<tr>\n<td valign=\"top\" width=\"100px\"><span style=\"color: #a80000;\">06\/02\/2017<\/span><\/td>\n<td>\n<p align=\"justify\">Assembl\u00e9 g\u00e9n\u00e9rales de l&rsquo;amicale.<\/p>\n<\/td>\n<\/tr>\n<tr>\n<td valign=\"top\" width=\"100px\"><span style=\"color: #a80000;\">16\/01\/2017<\/span><\/td>\n<td>\n<p align=\"justify\">Accueil des recrues du SDIS Nyon D\u00f4le, visite du mus\u00e9e et ap\u00e9ro.<\/p>\n<\/td>\n<\/tr>\n<tr>\n<td colspan=\"2\" align=\"left\">\n<div class=\"sousTitre\"><center>Dates de l&rsquo;ann\u00e9e 2016<\/center><\/div>\n<\/td>\n<\/tr>\n<tr>\n<td valign=\"top\" width=\"100px\"><span style=\"color: #a80000;\">21&amp;22&amp;23 \/12\/2016<\/span><\/td>\n<td>\n<p align=\"justify\">Vente de saucisse et partage du vin chaud aux nocturnes \u00e0 Nyon.<\/p>\n<\/td>\n<\/tr>\n<tr>\n<td valign=\"top\" width=\"100px\"><span style=\"color: #a80000;\">17\/12\/2016<\/span><\/td>\n<td>\n<p align=\"justify\">Ap\u00e9ritif de l&rsquo;amicale auquel sont convi\u00e9s l&rsquo;amicale des anciens ainsi que le bataillon du site de Nyon.<\/p>\n<\/td>\n<\/tr>\n<tr>\n<td valign=\"top\" width=\"100px\"><span style=\"color: #a80000;\">19\/11\/2016<\/span><\/td>\n<td>\n<p align=\"justify\">Repas de l&rsquo;amicale.<\/p>\n<\/td>\n<\/tr>\n<tr>\n<td valign=\"top\" width=\"100px\"><span style=\"color: #a80000;\">21\/04\/2016<\/span><\/td>\n<td>\n<p align=\"justify\">Repas organis\u00e9 pour les \u00e9quipes concours.<\/p>\n<\/td>\n<\/tr>\n<tr>\n<td valign=\"top\" width=\"100px\"><span style=\"color: #a80000;\">01\/02\/2016<\/span><\/td>\n<td>\n<p align=\"justify\">Assembl\u00e9 g\u00e9n\u00e9rale de l&rsquo;amicale.<\/p>\n<\/td>\n<\/tr>\n<tr>\n<td colspan=\"2\" align=\"left\">\n<div class=\"sousTitre\"><center>Dates de l&rsquo;ann\u00e9e 2015<\/center><\/div>\n<\/td>\n<\/tr>\n<tr>\n<td valign=\"top\" width=\"100px\"><span style=\"color: #a80000;\">21\/12\/2015, 22\/12\/2015 et 23\/12\/2015<\/span><\/td>\n<td>\n<p align=\"justify\">Nocture \u00e0 nyon ou l&rsquo;amicale des pompiers a tenu un stand de vente de saucisses.<\/p>\n<\/td>\n<\/tr>\n<tr>\n<td valign=\"top\" width=\"100px\"><span style=\"color: #a80000;\">31\/10\/2015<\/span><\/td>\n<td>\n<p align=\"justify\">Rassemblement des Amicales des sapeurs-pompiers romande et tessinoise \u00e0 Porrentruy.<\/p>\n<\/td>\n<\/tr>\n<tr>\n<td valign=\"top\" width=\"100px\"><span style=\"color: #a80000;\">23\/04\/2015<\/span><\/td>\n<td>\n<p align=\"justify\">Repas organis\u00e9s pour les participants des \u00e9quipes concours.<\/p>\n<\/td>\n<\/tr>\n<tr>\n<td valign=\"top\" width=\"100px\"><span style=\"color: #a80000;\">02\/02\/2015<\/span><\/td>\n<td>\n<p align=\"justify\">Assembl\u00e9 g\u00e9n\u00e9rale de l&rsquo;amicale.<\/p>\n<\/td>\n<\/tr>\n<tr>\n<td colspan=\"2\" align=\"left\">\n<div class=\"sousTitre\"><center>Dates de l&rsquo;ann\u00e9e 2014<\/center><\/div>\n<\/td>\n<\/tr>\n<tr>\n<td valign=\"top\" width=\"100px\"><span style=\"color: #a80000;\">19\/12\/2014, et 21\/12\/2014<\/span><\/td>\n<td>\n<p align=\"justify\">Nocture \u00e0 nyon ou l&rsquo;amicale des pompiers a tenu un stand de vente de saucisses.<\/p>\n<\/td>\n<\/tr>\n<tr>\n<td valign=\"top\" width=\"100px\"><span style=\"color: #a80000;\">08\/11\/2014<\/span><\/td>\n<td>\n<p align=\"justify\">Rassemblement des amicales latines \u00e0 La Neuveville.<\/p>\n<\/td>\n<\/tr>\n<tr>\n<td valign=\"top\" width=\"100px\"><span style=\"color: #a80000;\">01\/11\/2014<\/span><\/td>\n<td>\n<p align=\"justify\">Sortie de l&rsquo;amicale au karting de Vuitboeuf.<\/p>\n<\/td>\n<\/tr>\n<tr>\n<td valign=\"top\" width=\"100px\"><span style=\"color: #a80000;\">27\/03\/2014<\/span><\/td>\n<td>\n<p align=\"justify\">Repas organis\u00e9s pour les participants des \u00e9quipes concours.<\/p>\n<\/td>\n<\/tr>\n<tr>\n<td valign=\"top\" width=\"100px\"><span style=\"color: #a80000;\">03\/02\/2014<\/span><\/td>\n<td>\n<p align=\"justify\">Assembl\u00e9 g\u00e9n\u00e9rale de l&rsquo;amicale.<\/p>\n<\/td>\n<\/tr>\n<tr>\n<td colspan=\"2\" align=\"left\">\n<div class=\"sousTitre\"><center>Dates de l&rsquo;ann\u00e9e 2013<\/center><\/div>\n<\/td>\n<\/tr>\n<tr>\n<td valign=\"top\" width=\"100px\"><span style=\"color: #a80000;\">14\/12\/2013<\/span><\/td>\n<td>\n<p align=\"justify\">L&rsquo;amicale convie l&rsquo;amicale, l&rsquo;amicale des anciens et le bataillon du SDIS Nyon-r\u00e9gion pour son ap\u00e9ritif de no\u00ebl.<\/p>\n<\/td>\n<\/tr>\n<tr>\n<td valign=\"top\" width=\"100px\"><span style=\"color: #a80000;\">09\/11\/2013<\/span><\/td>\n<td>\n<p align=\"justify\">Rassemblement des amicales latines \u00e0 Moutier.<\/p>\n<\/td>\n<\/tr>\n<tr>\n<td valign=\"top\" width=\"100px\"><span style=\"color: #a80000;\">05\/10\/2013<\/span><\/td>\n<td>\n<p align=\"justify\">La Willys sera expos\u00e9e \u00e0 l&rsquo;occasion de la troisi\u00e8me f\u00eate de la vigne, \u00e0 Nyon.<\/p>\n<\/td>\n<\/tr>\n<tr>\n<td valign=\"top\" width=\"100px\"><span style=\"color: #a80000;\">07\/09\/2013<\/span><\/td>\n<td>\n<p align=\"justify\">Lors de la journ\u00e9e du patrimoine, la caserne de Nyon ouvrira ses portes au public. L&rsquo;amicale sera pr\u00e9sente pour pr\u00e9senter le mus\u00e9e et les anciens v\u00e9hicules.<\/p>\n<\/td>\n<\/tr>\n<tr>\n<td valign=\"top\" width=\"100px\"><span style=\"color: #a80000;\">27\/04\/2013<\/span><\/td>\n<td>\n<p align=\"justify\">La jeep Willys a particip\u00e9 au d\u00e9fil\u00e9 \u00e0 Genolier au concours FVSP.<\/p>\n<\/td>\n<\/tr>\n<tr>\n<td valign=\"top\" width=\"100px\"><span style=\"color: #a80000;\">16\/04\/2013<\/span><\/td>\n<td>\n<p align=\"justify\">Repas organis\u00e9s pour les participants des \u00e9quipes concours.<\/p>\n<\/td>\n<\/tr>\n<tr>\n<td valign=\"top\" width=\"100px\"><span style=\"color: #a80000;\">04\/02\/2013<\/span><\/td>\n<td>\n<p align=\"justify\">Assembl\u00e9e g\u00e9n\u00e9rale de l&rsquo;amicale.<\/p>\n<\/td>\n<\/tr>\n<tr>\n<td colspan=\"2\" align=\"left\">\n<div class=\"sousTitre\"><center>Dates de l&rsquo;ann\u00e9e 2012<\/center><\/div>\n<\/td>\n<\/tr>\n<tr>\n<td valign=\"top\" width=\"100px\"><span style=\"color: #a80000;\">19\/12\/2012 et 21\/12\/2012<\/span><\/td>\n<td>\n<p align=\"justify\">Notre traditionnelle vente de saucisses aux nocturnes \u00e0 Nyon.<\/p>\n<\/td>\n<\/tr>\n<tr>\n<td valign=\"top\" width=\"100px\"><span style=\"color: #a80000;\">15\/12\/2012<\/span><\/td>\n<td>\n<p align=\"justify\">D\u00e9s 11h00, ap\u00e9ro de fin d&rsquo;ann\u00e9e organis\u00e9 pour les membres du service du feu de Nyon R\u00e9gion.<\/p>\n<\/td>\n<\/tr>\n<tr>\n<td valign=\"top\" width=\"100px\"><span style=\"color: #a80000;\">03\/11\/2012<\/span><\/td>\n<td>\n<p align=\"justify\">Rassemblement des amicales latines \u00e0 Romont.<\/p>\n<\/td>\n<\/tr>\n<tr>\n<td valign=\"top\" width=\"100px\"><span style=\"color: #a80000;\">23\/06\/2012<\/span><\/td>\n<td>\n<p align=\"justify\">Inauguration du nouveau b\u00e2timent et du mus\u00e9e.<\/p>\n<\/td>\n<\/tr>\n<tr>\n<td valign=\"top\" width=\"100px\"><span style=\"color: #a80000;\">06\/02\/2012<\/span><\/td>\n<td>\n<p align=\"justify\">Assembl\u00e9e g\u00e9n\u00e9rale de l&rsquo;amicale.<\/p>\n<\/td>\n<\/tr>\n<tr>\n<td colspan=\"2\" align=\"left\">\n<div class=\"sousTitre\"><center>Dates de l&rsquo;ann\u00e9e 2011<\/center><\/div>\n<\/td>\n<\/tr>\n<tr>\n<td valign=\"top\" width=\"100px\"><span style=\"color: #a80000;\">20\/12\/2011 et 23\/12\/2012<\/span><\/td>\n<td>\n<p align=\"justify\">Vente de saucisses aux nocturnes \u00e0 Nyon.<\/p>\n<\/td>\n<\/tr>\n<tr>\n<td valign=\"top\" width=\"100px\"><span style=\"color: #a80000;\">17\/12\/2011<\/span><\/td>\n<td>\n<p align=\"justify\">D\u00e9s 11h00, ap\u00e9ro de fin d&rsquo;ann\u00e9e organis\u00e9 pour les membres du service du feu de Nyon R\u00e9gion.<\/p>\n<\/td>\n<\/tr>\n<tr>\n<td valign=\"top\" width=\"100px\"><span style=\"color: #a80000;\">05\/11\/2011<\/span><\/td>\n<td>\n<p align=\"justify\">Rassemblement des amicales romandes et tessinoises au Landeron.<\/p>\n<\/td>\n<\/tr>\n<tr>\n<td valign=\"top\" width=\"100px\"><span style=\"color: #a80000;\">01\/10\/2011<\/span><\/td>\n<td>\n<p align=\"justify\">Souper de l&rsquo;amicale.<\/p>\n<\/td>\n<\/tr>\n<tr>\n<td valign=\"top\" width=\"100px\"><span style=\"color: #a80000;\">21\/05\/2011<\/span><\/td>\n<td>\n<p align=\"justify\">Participation de l&rsquo;Amicale \u00e0 la f\u00eate culturelle \u00ab\u00a0En mai fait ce qu&rsquo;il te pla\u00eet\u00a0\u00bb, organis\u00e9e par le service de la culture.<\/p>\n<\/td>\n<\/tr>\n<tr>\n<td valign=\"top\" width=\"100px\"><span style=\"color: #a80000;\">14\/05\/2011<\/span><\/td>\n<td>\n<p align=\"justify\">Revue du SDIS Nyon R\u00e9gion.<\/p>\n<\/td>\n<\/tr>\n<tr>\n<td valign=\"top\" width=\"100px\"><span style=\"color: #a80000;\">7\/2\/2011<\/span><\/td>\n<td>\n<p align=\"justify\">Assembl\u00e9e g\u00e9n\u00e9rale de l&rsquo;amicale.<\/p>\n<\/td>\n<\/tr>\n<tr>\n<td colspan=\"2\" align=\"left\">\n<div class=\"sousTitre\"><center>Dates de l&rsquo;ann\u00e9e 2010<\/center><\/div>\n<\/td>\n<\/tr>\n<tr>\n<td valign=\"top\" width=\"100px\"><span style=\"color: #a80000;\">20\/10\/2010 et 22\/12\/2010<\/span><\/td>\n<td>\n<p align=\"justify\">Nocturnes \u00e0 Nyon, l&rsquo;amicale fera sa traditionnelle vente de saucisses et vin chaud.<\/p>\n<\/td>\n<\/tr>\n<tr>\n<td valign=\"top\" width=\"100px\"><span style=\"color: #a80000;\">18\/12\/2010<\/span><\/td>\n<td>\n<p align=\"justify\">D\u00e9s 11h30, ap\u00e9ro de fin d&rsquo;ann\u00e9e organis\u00e9 pour les membres du service du feu de Nyon R\u00e9gion.<\/p>\n<\/td>\n<\/tr>\n<tr>\n<td valign=\"top\" width=\"100px\"><span style=\"color: #a80000;\">6\/11\/2010<\/span><\/td>\n<td>\n<p align=\"justify\">11\u00e8me assembl\u00e9e des amicales de sapeurs pompiers romandes et tessinoises \u00e0 Denges<\/p>\n<\/td>\n<\/tr>\n<tr>\n<td valign=\"top\" width=\"100px\"><span style=\"color: #a80000;\">05\/06\/2010<\/span><\/td>\n<td>\n<p align=\"justify\">Sortie de l&rsquo;Amicale<\/p>\n<\/td>\n<\/tr>\n<tr>\n<td valign=\"top\" width=\"100px\"><span style=\"color: #a80000;\">1\/2\/2010<\/span><\/td>\n<td>\n<p align=\"justify\">Assembl\u00e9e g\u00e9n\u00e9rale de l&rsquo;amicale.<\/p>\n<\/td>\n<\/tr>\n<tr>\n<td colspan=\"2\" align=\"left\">\n<div class=\"sousTitre\"><center>Dates de l&rsquo;ann\u00e9e 2009<\/center><\/div>\n<\/td>\n<\/tr>\n<tr>\n<td valign=\"top\" width=\"100px\"><span style=\"color: #a80000;\">21\/10\/2009 et 23\/12\/2009<\/span><\/td>\n<td>\n<p align=\"justify\">Nocturnes \u00e0 Nyon, l&rsquo;amicale fera sa traditionnelle vente de saucisses et vin chaud.<\/p>\n<\/td>\n<\/tr>\n<tr>\n<td valign=\"top\" width=\"100px\"><span style=\"color: #a80000;\">19\/12\/2008<\/span><\/td>\n<td>\n<p align=\"justify\">D\u00e9s 11h30, ap\u00e9ro de fin d&rsquo;ann\u00e9e organis\u00e9 pour les membres du service du feu de Nyon R\u00e9gion.<\/p>\n<\/td>\n<\/tr>\n<tr>\n<td valign=\"top\" width=\"100px\"><span style=\"color: #a80000;\">31\/10\/2009<\/span><\/td>\n<td>\n<p align=\"justify\">L&rsquo;amicale des sapeurs pompiers de Nyon sera pr\u00e9sente \u00e0 la 10\u00e8me assembl\u00e9e des amicales de sapeurs pompiers romandes et tessinoises<\/p>\n<\/td>\n<\/tr>\n<tr>\n<td valign=\"top\" width=\"100px\"><span style=\"color: #a80000;\">3\/10\/2009<\/span><\/td>\n<td>\n<p align=\"justify\">L&rsquo;amicale organise un stand nourriture et boisson \u00e0 l&rsquo;occasion de la journ\u00e9e porte ouverte du SDIS de Nyon R\u00e9gion.<\/p>\n<\/td>\n<\/tr>\n<tr>\n<td valign=\"top\" width=\"100px\"><span style=\"color: #a80000;\">31\/08\/2009 au 5\/09\/2009<\/span><\/td>\n<td>\n<p align=\"justify\">Semaine du sauvetage \u00e0 Signy-Centre. L&rsquo;amicale y pr\u00e9sentera du mat\u00e9riel et des v\u00e9hicules.<\/p>\n<\/td>\n<\/tr>\n<tr>\n<td valign=\"top\" width=\"100px\"><span style=\"color: #a80000;\">13\/06\/2009<\/span><\/td>\n<td>\n<p align=\"justify\">Sortie de l&rsquo;amicale.<\/p>\n<\/td>\n<\/tr>\n<tr>\n<td valign=\"top\" width=\"100px\"><span style=\"color: #a80000;\">16\/05\/2009<\/span><\/td>\n<td>\n<p align=\"justify\">Anniversaire du mus\u00e9e de la Remise \u00e0 Gex. L&rsquo;amicale y pr\u00e9sentera le Berna.<\/p>\n<\/td>\n<\/tr>\n<tr>\n<td valign=\"top\" width=\"100px\"><span style=\"color: #a80000;\">16\/05\/2009<\/span><\/td>\n<td>\n<p align=\"justify\">Journ\u00e9e tintin organis\u00e9e par l&rsquo;office du tourisme de Nyon. La Willys y sera pr\u00e9sente<\/p>\n<\/td>\n<\/tr>\n<tr>\n<td valign=\"top\" width=\"100px\"><span style=\"color: #a80000;\">2\/01\/2009<\/span><\/td>\n<td>\n<p align=\"justify\">Assembl\u00e9e g\u00e9n\u00e9rale<\/p>\n<\/td>\n<\/tr>\n<tr>\n<td colspan=\"2\" align=\"left\">\n<div class=\"sousTitre\"><center>Dates de l&rsquo;ann\u00e9e 2008<\/center><\/div>\n<\/td>\n<\/tr>\n<tr>\n<td valign=\"top\" width=\"100px\"><span style=\"color: #a80000;\">20\/12\/2008<\/span><\/td>\n<td>\n<p align=\"justify\">Ap\u00e9ro de fin d&rsquo;ann\u00e9e organis\u00e9 pour les membres du service du feu de Nyon R\u00e9gion<\/p>\n<\/td>\n<\/tr>\n<tr>\n<td valign=\"top\" width=\"100px\"><span style=\"color: #a80000;\">18 et 23\/12\/2008<\/span><\/td>\n<td>\n<p align=\"justify\">L&rsquo;amicale sera pr\u00e9sente aux nocturnes de No\u00ebl pour leur traditionnelle vente de saucisses et vin chaud.<\/p>\n<\/td>\n<\/tr>\n<tr>\n<td valign=\"top\" width=\"100px\"><span style=\"color: #a80000;\">08\/11\/2008<\/span><\/td>\n<td>\n<p align=\"justify\">Rassemblement des Amicales Latines \u00e0 Blonay<\/p>\n<\/td>\n<\/tr>\n<tr>\n<td valign=\"top\" width=\"100px\"><span style=\"color: #a80000;\">09\/10\/2008<\/span><\/td>\n<td>\n<p align=\"justify\">Bar de l&rsquo;amicale organis\u00e9 \u00e0 l&rsquo;occasion de la remise du bataillon par le commandant Christian Baumgartner au nouveau commandant Pierre-Yves Corth\u00e9sy.<\/p>\n<\/td>\n<\/tr>\n<tr>\n<td valign=\"top\" width=\"100px\"><span style=\"color: #a80000;\">03\/10\/2008 au 05\/10\/2008<\/span><\/td>\n<td>\n<p align=\"justify\">Exposition de la Willys \u00e0 Geneva Classics<\/p>\n<\/td>\n<\/tr>\n<tr>\n<td valign=\"top\" width=\"100px\"><span style=\"color: #a80000;\">01\/06\/2008<\/span><\/td>\n<td>\n<p align=\"justify\">D\u00e9fil\u00e9 de la Willys et du Berna au 32\u00e8me giron de la D\u00f4le \u00e0 Founex<\/p>\n<\/td>\n<\/tr>\n<tr>\n<td valign=\"top\" width=\"100px\"><span style=\"color: #a80000;\">31\/05\/2008<\/span><\/td>\n<td>\n<p align=\"justifiy\">Sortie de l&rsquo;Amicale, <a class=\"textLink\" href=\"https:\/\/amicale-sp-nyon.ch\/SORTIE-AMICALE_31_05_08.pdf\">information sur la sortie<\/a><\/p>\n<\/td>\n<\/tr>\n<tr>\n<td valign=\"top\" width=\"100px\"><span style=\"color: #a80000;\">04\/02\/2008<\/span><\/td>\n<td>\n<p align=\"justifiy\">Assembl\u00e9e g\u00e9n\u00e9rale de l&rsquo;Amicale<\/p>\n<\/td>\n<\/tr>\n<tr>\n<td colspan=\"2\" align=\"left\">\n<div class=\"sousTitre\"><center>Dates de l&rsquo;ann\u00e9e 2007<\/center><\/div>\n<\/td>\n<\/tr>\n<tr>\n<td valign=\"top\" width=\"100px\"><span style=\"color: #a80000;\">19 et 21\/12\/2007<\/span><\/td>\n<td>\n<p align=\"justifiy\">March\u00e9 de No\u00ebl \u00e0 Nyon<\/p>\n<\/td>\n<\/tr>\n<tr>\n<td valign=\"top\" width=\"100px\"><span style=\"color: #a80000;\">10\/11\/2007<\/span><\/td>\n<td>\n<p align=\"justifiy\">Rassemblement des Amicales de sapeurs-pompiers latines le 10 novembre \u00e0 Courgenay (Jura)<\/p>\n<\/td>\n<\/tr>\n<tr>\n<td valign=\"top\" width=\"100px\"><span style=\"color: #a80000;\">29\/9\/2007 et 27\/10\/2007<\/span><\/td>\n<td>\n<p align=\"justifiy\">Journ\u00e9e porte ouverte du mus\u00e9e de l&rsquo;Amicale des sapeurs-pompiers de Nyon \u00e0 la rte de Champ-Colin 4 le samedi 29 septembre et samedi 27 octobre de 9h \u00e0 16h. <a class=\"textLink\" href=\"https:\/\/amicale-sp-nyon.ch\/communique.pdf\" target=\"_blank\" rel=\"noopener\">Le communiqu\u00e9 de presse<\/a><\/p>\n<\/td>\n<\/tr>\n<tr>\n<td valign=\"top\" width=\"100px\"><span style=\"color: #a80000;\">12\/10\/2007 au 14\/10\/2007<\/span><\/td>\n<td>\n<p align=\"justify\">Du 12 au 14 octobre : Rail-Expo Nyon (expo. de miniatures, th\u00e8me 2007 : les pompiers). Exposition de vieux v\u00e9hicules, et pr\u00e9sentation des activit\u00e9s du SDIS de Nyon.<\/p>\n<\/td>\n<\/tr>\n<tr>\n<td valign=\"top\" width=\"100px\"><span style=\"color: #a80000;\">22\/09\/2007<\/span><\/td>\n<td>Sortie de l\u2019Amicale le 22 septembre. Programme \u00e0 d\u00e9finir ; des infos suivront.<\/td>\n<\/tr>\n<tr>\n<td valign=\"top\" width=\"100px\"><span style=\"color: #a80000;\">22\/05\/2007 au 22\/08\/2007<\/span><\/td>\n<td>\n<p align=\"justify\">Du 22 mai au 22 ao\u00fbt, exposition de la Willys au Mus\u00e9e gru\u00e9rien \u00e0 Bulle dans le cadre du 100\u00e8me anniversaire de la naissance de Herg\u00e9. Sortie officielle de l\u2019album \u00ab L\u2019Af\u00e9re Tournesol \u00bb, traduction en patois gru\u00e9rien le 22 mai. <a class=\"textLink\" href=\"https:\/\/amicale-sp-nyon.ch\/index.php?page=bulle\">Les photos<\/a><\/p>\n<\/td>\n<\/tr>\n<tr>\n<td valign=\"top\" width=\"100px\"><span style=\"color: #a80000;\">10\/05\/2007<\/span><\/td>\n<td>\n<p align=\"justifiy\">Le 10 mai : Vernissage de \u00ab Avec Tintin, sur les traces de Tournesol \u00e0 Nyon \u00bb au Mus\u00e9e du L\u00e9man. Prospectus d\u00e9crivant \u00ab L\u2019affaire Tournesol \u00bb dans le r\u00e9gion de Nyon \u00e9dit\u00e9 par Nyon R\u00e9gion Tourisme.<\/p>\n<\/td>\n<\/tr>\n<tr>\n<td valign=\"top\" width=\"100px\"><span style=\"color: #a80000;\">23\/03\/2007<\/span><\/td>\n<td>\n<p align=\"justify\">Le 23 mars : Vernissage de l\u2019album Tintin \u00ab l\u2019Af\u00e9re Pec\u00e2rd \u00bb traduction de l\u2019album Tintin \u00ab L\u2019affaire Tournesol \u00bb en arpitan (patois savoyard, lyonnais, vaudois et vald\u00f4tain) \u00e0 la caserne des sapeurs-pompiers de Nyon.<\/p>\n<\/td>\n<\/tr>\n<\/tbody>\n<\/table>\n","protected":false},"excerpt":{"rendered":"<p>Dates de l&rsquo;ann\u00e9e 2017 16\/12\/2017 Ap\u00e9ritif de fin d&rsquo;ann\u00e9e pour les membres de l&rsquo;amicale et du SDIS. 06\/04\/2017 Repas avec les \u00e9quipes concours. 06\/02\/2017 Assembl\u00e9 g\u00e9n\u00e9rales de l&rsquo;amicale. 16\/01\/2017 Accueil des recrues du SDIS Nyon D\u00f4le, visite du mus\u00e9e et ap\u00e9ro. Dates de l&rsquo;ann\u00e9e 2016 21&amp;22&amp;23 \/12\/2016 Vente de saucisse et partage du vin chaud &hellip; <a href=\"https:\/\/www.amicale-sp-nyon.ch\/\" class=\"more-link\">Continuer la lecture de <span class=\"screen-reader-text\">Calendrier<\/span><\/a><\/p>\n","protected":false},"author":1,"featured_media":0,"parent":0,"menu_order":0,"comment_status":"closed","ping_status":"closed","template":"","meta":{"footnotes":""},"class_list":["post-10","page","type-page","status-publish","hentry"],"_links":{"self":[{"href":"https:\/\/www.amicale-sp-nyon.ch\/index.php?rest_route=\/wp\/v2\/pages\/10","targetHints":{"allow":["GET"]}}],"collection":[{"href":"https:\/\/www.amicale-sp-nyon.ch\/index.php?rest_route=\/wp\/v2\/pages"}],"about":[{"href":"https:\/\/www.amicale-sp-nyon.ch\/index.php?rest_route=\/wp\/v2\/types\/page"}],"author":[{"embeddable":true,"href":"https:\/\/www.amicale-sp-nyon.ch\/index.php?rest_route=\/wp\/v2\/users\/1"}],"replies":[{"embeddable":true,"href":"https:\/\/www.amicale-sp-nyon.ch\/index.php?rest_route=%2Fwp%2Fv2%2Fcomments&post=10"}],"version-history":[{"count":0,"href":"https:\/\/www.amicale-sp-nyon.ch\/index.php?rest_route=\/wp\/v2\/pages\/10\/revisions"}],"wp:attachment":[{"href":"https:\/\/www.amicale-sp-nyon.ch\/index.php?rest_route=%2Fwp%2Fv2%2Fmedia&parent=10"}],"curies":[{"name":"wp","href":"https:\/\/api.w.org\/{rel}","templated":true}]}}