{"id":1370,"date":"2017-01-19T11:35:09","date_gmt":"2017-01-19T11:35:09","guid":{"rendered":"http:\/\/test.amicale-sp-nyon.ch\/?page_id=1370"},"modified":"2017-01-19T11:35:09","modified_gmt":"2017-01-19T11:35:09","slug":"vehicules-musee","status":"publish","type":"page","link":"https:\/\/www.amicale-sp-nyon.ch\/?page_id=1370","title":{"rendered":"V\u00e9hicules &#038; Mus\u00e9e"},"content":{"rendered":"<h3>\u00a0Jeep Willys<\/h3>\n<p>Notre Jeep Willys Overland de 2210cm3 a \u00e9t\u00e9 achet\u00e9e par le Service du feu de la ville de Nyon en 1953 au Salon de l\u2019automobile de Gen\u00e8ve. Entr\u00e9e au service de la collectivit\u00e9 le 21 ao\u00fbt 1953, elle a effectu\u00e9 son bapt\u00eame du feu le 27 ao\u00fbt 1953 \u00e0 14h00 pour un feu de d\u00e9p\u00f4t aux entrep\u00f4ts \u00ab Carbura \u00bb \u00e0 Gland.<\/p>\n<p>C\u2019est en 1956 lors de ses rep\u00e9rages en Suisse qu\u2019Herg\u00e9 d\u00e9cida de reproduire fid\u00e8lement ce v\u00e9hicule dans son album Tintin l\u2019\u00ab Affaire Tournesol \u00bb.<\/p>\n<p>Elle a servi comme v\u00e9hicule d\u2019intervention jusqu\u2019en 1992 o\u00f9 elle fut rachet\u00e9e par l\u2019Amicale des Sapeurs-pompiers de Nyon.<\/p>\n<p>R\u00e9nov\u00e9e et bichonn\u00e9e, elle sert de v\u00e9hicule pour les mariages de nos membres et dans de nombreuses expositions sur le th\u00e8me de Tintin.<\/p>\n<p><center><a href=\"https:\/\/www.amicale-sp-nyon.ch\/wp-content\/uploads\/2017\/01\/willys1.jpg\"><img loading=\"lazy\" decoding=\"async\" class=\"alignnone size-full wp-image-1374\" src=\"https:\/\/www.amicale-sp-nyon.ch\/wp-content\/uploads\/2017\/01\/willys1.jpg\" alt=\"\" width=\"625\" height=\"469\" srcset=\"https:\/\/www.amicale-sp-nyon.ch\/wp-content\/uploads\/2017\/01\/willys1.jpg 625w, https:\/\/www.amicale-sp-nyon.ch\/wp-content\/uploads\/2017\/01\/willys1-300x225.jpg 300w\" sizes=\"auto, (max-width: 625px) 100vw, 625px\" \/><\/a><\/center>&nbsp;<\/p>\n<h3 class=\"sousTitre\">Camion Berna L4U<\/h3>\n<p>Ancien fourgon mat\u00e9riel de type Berna L4U ayant appartenu au Service du feu de la ville de la Chaux-de-Fonds de 1942 jusqu&rsquo;\u00e0 sa vente \u00e0 l\u2019Amicale des Chauffeurs de Nyon en 1986, ce v\u00e9hicule fut r\u00e9nov\u00e9 et modifi\u00e9 par nos soins et coule d\u00e9sormais des jours tranquilles, d\u00e9filant lors de nombreux d\u00e9fil\u00e9s et manifestations de sapeurs-pompiers.<\/p>\n<p><center><a href=\"https:\/\/www.amicale-sp-nyon.ch\/wp-content\/uploads\/2017\/01\/berna1.jpg\"><img loading=\"lazy\" decoding=\"async\" class=\"alignnone size-full wp-image-1371\" src=\"https:\/\/www.amicale-sp-nyon.ch\/wp-content\/uploads\/2017\/01\/berna1.jpg\" alt=\"\" width=\"625\" height=\"469\" srcset=\"https:\/\/www.amicale-sp-nyon.ch\/wp-content\/uploads\/2017\/01\/berna1.jpg 625w, https:\/\/www.amicale-sp-nyon.ch\/wp-content\/uploads\/2017\/01\/berna1-300x225.jpg 300w\" sizes=\"auto, (max-width: 625px) 100vw, 625px\" \/><\/a><\/center>&nbsp;<\/p>\n<h3 class=\"sousTitre\">Echelle M\u00e9canique Magirus D-V 26m<\/h3>\n<p>Achet\u00e9e en 1928 par le Service du feu de la ville de Nyon pour la somme de 13&rsquo;000 frs, cette \u00e9chelle pivotante d\u2019une hauteur de 26 m\u00e8tres a fonctionn\u00e9 au sein de notre Service du feu jusqu\u2019en 1975.<\/p>\n<p>Retrouv\u00e9e par hasard \u00e0 Gen\u00e8ve en 2002, elle fut rachet\u00e9e gr\u00e2ce \u00e0 de nombreux dons ainsi qu\u2019au \u00ab Fonds Fischer \u00bb et fut r\u00e9nov\u00e9e par notre Amicale pour \u00eatre finalement inaugur\u00e9e le 27 juin 2003.<\/p>\n<p>&nbsp;<\/p>\n<p><a href=\"https:\/\/www.amicale-sp-nyon.ch\/wp-content\/uploads\/2017\/01\/magirus1.jpg\"><img loading=\"lazy\" decoding=\"async\" class=\"size-full wp-image-1372\" src=\"https:\/\/www.amicale-sp-nyon.ch\/wp-content\/uploads\/2017\/01\/magirus1.jpg\" alt=\"\" width=\"625\" height=\"469\" srcset=\"https:\/\/www.amicale-sp-nyon.ch\/wp-content\/uploads\/2017\/01\/magirus1.jpg 625w, https:\/\/www.amicale-sp-nyon.ch\/wp-content\/uploads\/2017\/01\/magirus1-300x225.jpg 300w\" sizes=\"auto, (max-width: 625px) 100vw, 625px\" \/><\/a><\/p>\n<h3 class=\"sousTitre\">Mus\u00e9e<\/h3>\n<p>Notre mus\u00e9e fut inaugur\u00e9 en 2000 et contient de nombreuses pi\u00e8ces d\u2019\u00e9poque de notre r\u00e9gion (anciens mat\u00e9riels, casques, pompes, etc.) ; situ\u00e9 au sein des locaux du Service du feu de Nyon, ce dernier permet de conserver notre patrimoine et peut \u00eatre visit\u00e9 sur rendez-vous.<\/p>\n<p><center><a href=\"https:\/\/www.amicale-sp-nyon.ch\/wp-content\/uploads\/2017\/01\/musee1.jpg\"><img loading=\"lazy\" decoding=\"async\" class=\"alignnone size-full wp-image-1373\" src=\"https:\/\/www.amicale-sp-nyon.ch\/wp-content\/uploads\/2017\/01\/musee1.jpg\" alt=\"\" width=\"625\" height=\"469\" srcset=\"https:\/\/www.amicale-sp-nyon.ch\/wp-content\/uploads\/2017\/01\/musee1.jpg 625w, https:\/\/www.amicale-sp-nyon.ch\/wp-content\/uploads\/2017\/01\/musee1-300x225.jpg 300w\" sizes=\"auto, (max-width: 625px) 100vw, 625px\" \/><\/a><\/center><\/p>\n","protected":false},"excerpt":{"rendered":"<p>\u00a0Jeep Willys Notre Jeep Willys Overland de 2210cm3 a \u00e9t\u00e9 achet\u00e9e par le Service du feu de la ville de Nyon en 1953 au Salon de l\u2019automobile de Gen\u00e8ve. Entr\u00e9e au service de la collectivit\u00e9 le 21 ao\u00fbt 1953, elle a effectu\u00e9 son bapt\u00eame du feu le 27 ao\u00fbt 1953 \u00e0 14h00 pour un feu &hellip; <a href=\"https:\/\/www.amicale-sp-nyon.ch\/?page_id=1370\" class=\"more-link\">Continuer la lecture de <span class=\"screen-reader-text\">V\u00e9hicules &#038; Mus\u00e9e<\/span><\/a><\/p>\n","protected":false},"author":1,"featured_media":0,"parent":0,"menu_order":0,"comment_status":"closed","ping_status":"closed","template":"","meta":{"footnotes":""},"class_list":["post-1370","page","type-page","status-publish","hentry"],"_links":{"self":[{"href":"https:\/\/www.amicale-sp-nyon.ch\/index.php?rest_route=\/wp\/v2\/pages\/1370","targetHints":{"allow":["GET"]}}],"collection":[{"href":"https:\/\/www.amicale-sp-nyon.ch\/index.php?rest_route=\/wp\/v2\/pages"}],"about":[{"href":"https:\/\/www.amicale-sp-nyon.ch\/index.php?rest_route=\/wp\/v2\/types\/page"}],"author":[{"embeddable":true,"href":"https:\/\/www.amicale-sp-nyon.ch\/index.php?rest_route=\/wp\/v2\/users\/1"}],"replies":[{"embeddable":true,"href":"https:\/\/www.amicale-sp-nyon.ch\/index.php?rest_route=%2Fwp%2Fv2%2Fcomments&post=1370"}],"version-history":[{"count":0,"href":"https:\/\/www.amicale-sp-nyon.ch\/index.php?rest_route=\/wp\/v2\/pages\/1370\/revisions"}],"wp:attachment":[{"href":"https:\/\/www.amicale-sp-nyon.ch\/index.php?rest_route=%2Fwp%2Fv2%2Fmedia&parent=1370"}],"curies":[{"name":"wp","href":"https:\/\/api.w.org\/{rel}","templated":true}]}}